{"id":16553,"date":"2018-06-24T15:00:32","date_gmt":"2018-06-24T13:00:32","guid":{"rendered":"https:\/\/awo-fulda.de\/?page_id=16553"},"modified":"2026-09-01T15:23:43","modified_gmt":"2026-09-01T13:23:43","slug":"refugees-go-volunteer-revo","status":"publish","type":"page","link":"https:\/\/awo-fulda.de\/tr\/refugees-go-volunteer-revo\/","title":{"rendered":"Gefl\u00fcchtete engagieren sich <\/p>(Refugees go Volunteers)"},"content":{"rendered":"<\/p>\n<table style=\"width: 100%; border-collapse: collapse;\">\n<tbody>\n<tr style=\"height: 179px;\">\n<td style=\"width: 33.3333%; height: 179px;\"><a class=\"dt-pswp-item\" href=\"https:\/\/awo-fulda.de\/wp-content\/uploads\/2018\/06\/erneuerbar.jpg\" data-dt-img-description=\"\" data-large_image_width=\"1600\" data-large_image_height=\"900\"><img loading=\"lazy\" decoding=\"async\" class=\" wp-image-16246 aligncenter\" src=\"https:\/\/awo-fulda.de\/wp-content\/uploads\/2018\/06\/erneuerbar.jpg\" alt=\"\" width=\"456\" height=\"257\" srcset=\"https:\/\/awo-fulda.de\/wp-content\/uploads\/2018\/06\/erneuerbar.jpg 1600w, https:\/\/awo-fulda.de\/wp-content\/uploads\/2018\/06\/erneuerbar-480x270.jpg 480w, https:\/\/awo-fulda.de\/wp-content\/uploads\/2018\/06\/erneuerbar-768x432.jpg 768w, https:\/\/awo-fulda.de\/wp-content\/uploads\/2018\/06\/erneuerbar-640x360.jpg 640w\" sizes=\"auto, (max-width: 456px) 100vw, 456px\" \/><\/a><\/td>\n<td style=\"width: 33.3333%; height: 179px;\"><a class=\"dt-pswp-item\" href=\"https:\/\/awo-fulda.de\/wp-content\/uploads\/2019\/07\/Generationenhilfe.jpg\" data-dt-img-description=\"\" data-large_image_width=\"4000\" data-large_image_height=\"3000\"><img loading=\"lazy\" decoding=\"async\" class=\"aligncenter wp-image-20348 \" src=\"https:\/\/awo-fulda.de\/wp-content\/uploads\/2019\/07\/Generationenhilfe-e1617722616869.jpg\" alt=\"\" width=\"393\" height=\"237\" srcset=\"https:\/\/awo-fulda.de\/wp-content\/uploads\/2019\/07\/Generationenhilfe-e1617722616869.jpg 4000w, https:\/\/awo-fulda.de\/wp-content\/uploads\/2019\/07\/Generationenhilfe-e1617722616869-480x289.jpg 480w, https:\/\/awo-fulda.de\/wp-content\/uploads\/2019\/07\/Generationenhilfe-e1617722616869-768x463.jpg 768w, https:\/\/awo-fulda.de\/wp-content\/uploads\/2019\/07\/Generationenhilfe-e1617722616869-640x386.jpg 640w, https:\/\/awo-fulda.de\/wp-content\/uploads\/2019\/07\/Generationenhilfe-e1617722616869-1536x925.jpg 1536w, https:\/\/awo-fulda.de\/wp-content\/uploads\/2019\/07\/Generationenhilfe-e1617722616869-2048x1234.jpg 2048w\" sizes=\"auto, (max-width: 393px) 100vw, 393px\" \/><\/a><\/td>\n<td style=\"width: 33.3333%; height: 179px;\"><a class=\"dt-pswp-item\" href=\"https:\/\/awo-fulda.de\/wp-content\/uploads\/2018\/06\/aktion-e1530099256819.jpg\" data-dt-img-description=\"\" data-large_image_width=\"1728\" data-large_image_height=\"1152\"><img loading=\"lazy\" decoding=\"async\" class=\"wp-image-16191 size-full aligncenter\" src=\"https:\/\/awo-fulda.de\/wp-content\/uploads\/2018\/06\/aktion-e1530099256819.jpg\" alt=\"\" width=\"1598\" height=\"902\" srcset=\"https:\/\/awo-fulda.de\/wp-content\/uploads\/2018\/06\/aktion-e1530099256819.jpg 1598w, https:\/\/awo-fulda.de\/wp-content\/uploads\/2018\/06\/aktion-e1530099256819-480x271.jpg 480w, https:\/\/awo-fulda.de\/wp-content\/uploads\/2018\/06\/aktion-e1530099256819-768x434.jpg 768w, https:\/\/awo-fulda.de\/wp-content\/uploads\/2018\/06\/aktion-e1530099256819-640x361.jpg 640w\" sizes=\"auto, (max-width: 1598px) 100vw, 1598px\" \/><\/a><\/td>\n<\/tr>\n<\/tbody>\n<\/table>\n<p>Refugees go Volunteers war ein Projekt der AWO Fulda, das die in Stadt und Landkreis Fulda lebenden gefl\u00fcchteten Menschen motiviert und dabei begleitet hat, sich ehrenamtlich zu engagieren. Die F\u00f6rderphase ist lange vor\u00fcber, unser Angebot aber bleibt bestehen.<\/p>\n<p>Wir unterst\u00fctzen diesen Prozess der sozialen Integration, indem wir individuell nach pers\u00f6nlichen Interessen, F\u00e4higkeiten und Kompetenzen schauen und an einem Ehrenamt Interessierte an passende Stellen vermitteln bzw. sie dabei begleiten, eine eigene Gruppe aufzubauen. Durch unser Projekt bekommen sie das Gef\u00fchl und die Motivation<\/p>\n<ul>\n<li>gebraucht zu werden<\/li>\n<li>die Gesellschaft und deren Prozesse mitzugestalten<\/li>\n<li>sich mit ihren F\u00e4higkeiten einzubringen<\/li>\n<li>statt Unterst\u00fctzung zu erhalten auch selbst unterst\u00fctzen und etwas aufbauen k\u00f6nnen.<\/li>\n<\/ul>\n<p>Au\u00dferdem verbessern sich die Sprachkenntnisse durch die neuen sozialen Kontakte. So wird auf Seite der Gefl\u00fcchteten ein Weg in die Gesellschaft erm\u00f6glicht, Teilhabe gef\u00f6rdert und das Selbstbewusstsein gest\u00e4rkt.<\/p>\n<p>Die Gesellschaft wiederum profitiert neben der konkreten ehrenamtlichen Unterst\u00fctzung durch den Abbau von Kontaktbarrieren und den interkulturellen Austausch, der neue Sichtweisen und Erfahrungen bringt.<\/p>\n\n\n<p>Beispiele f\u00fcr bisherige Erfolge, die wir durch unser Projekt unterst\u00fctzen (Namen ge\u00e4ndert):<\/p>\r\n<ul>\r\n<li>Mohammed hat eine Patenschaft f\u00fcr Veronika \u00fcbernommen und bringt ihr Arabisch bei<\/li>\r\n<li>Abdi engagiert sich in einem sozio-kulturellen Verein in Fulda und \u00fcbernimmt ehrenamtlich<br \/>Thekenschichten<\/li>\r\n<li>Hussein bietet sich als Arabisch-Englisch-Armenisch-Deutsch-Dolmetscher an<\/li>\r\n<li>Tesfu und Omid unterst\u00fctzen beim Auf- und Abbau und bei der Durchf\u00fchrung von<br \/>Veranstaltungen der AWO<\/li>\r\n<li>Mohammed bringt sich in verschiedenen Gremien des Landkreises ein und vertritt die<br \/>Perspektive der Gefl\u00fcchteten<\/li>\r\n<li>Narges baut ihren eigenen afghanischen Verein auf<\/li>\r\n<li>Abdul organisiert mit anderen Ehrenamtlichen eine Fahrradgruppe, die sich f\u00fcr gemeinsame<br \/>Fahrradtouren trifft und anderen das Radfahren beibringen m\u00f6chte<\/li>\r\n<\/ul>\r\n<p>Au\u00dferdem bietet Kariem seit 2018 kostenfreie Yogastunden f\u00fcr alle Interessierten an:<\/p>\r\n<p><img loading=\"lazy\" decoding=\"async\" class=\"\" src=\"https:\/\/awo-fulda.de\/wp-content\/uploads\/2023\/07\/Yoga-mit-Kariem-2023-1-001.jpg\" alt=\"\" width=\"502\" height=\"355\" \/><\/p>\r\n<p>Das Projekt ist auch in der regionalen Presse vorgestellt und besprochen worden, so gibt es eine H\u00f6rerreportage vom Offenen Kanal Fulda und einen Artikel im move-36-Magazin.<\/p>\r\n<p>Nachfolgend k\u00f6nnt ihr euch die aktuelle H\u00f6rerreportage vom Offenen Kanal Fulda zum Thema Ehrenamt anh\u00f6ren. Unser Projekt wird ab Minute 20 erw\u00e4hnt. Viel Spa\u00df!<\/p>\n\n\n\n<table style=\"border-collapse: collapse; width: 94.3354%; height: 10px;\">\r\n<tbody>\r\n<tr style=\"height: 10px;\">\r\n<td style=\"width: 100%; height: 10px;\"><iframe loading=\"lazy\" style=\"border: 0px;\" src=\"https:\/\/www.mediathek-hessen.de\/embed?v=19073#\" width=\"100%\" height=\"422\" scrolling=\"no\"><\/iframe><\/td>\r\n<\/tr>\r\n<\/tbody>\r\n<\/table>\r\n<p>&nbsp;<\/p>\n\n\n\n<p>&nbsp;<\/p>\n\n\n<p>","protected":false},"excerpt":{"rendered":"<p>Refugees go Volunteers war ein Projekt der AWO Fulda, das die in Stadt und Landkreis Fulda lebenden gefl\u00fcchteten Menschen motiviert und dabei begleitet hat, sich ehrenamtlich zu engagieren. Die F\u00f6rderphase&hellip;<\/p>\n","protected":false},"author":6,"featured_media":0,"parent":0,"menu_order":0,"comment_status":"closed","ping_status":"closed","template":"","meta":{"_editorskit_title_hidden":false,"_editorskit_reading_time":0,"_editorskit_is_block_options_detached":false,"_editorskit_block_options_position":"{}","footnotes":"","_members_access_role":[],"_members_access_error":""},"class_list":["post-16553","page","type-page","status-publish","hentry","description-off"],"translation":{"provider":"WPGlobus","version":"3.0.5","language":"tr","enabled_languages":["de","en","fr","ru","ar","tr","fa"],"languages":{"de":{"title":true,"content":true,"excerpt":false},"en":{"title":true,"content":true,"excerpt":false},"fr":{"title":true,"content":true,"excerpt":false},"ru":{"title":false,"content":true,"excerpt":false},"ar":{"title":true,"content":true,"excerpt":false},"tr":{"title":false,"content":false,"excerpt":false},"fa":{"title":false,"content":false,"excerpt":false}}},"_links":{"self":[{"href":"https:\/\/awo-fulda.de\/tr\/wp-json\/wp\/v2\/pages\/16553","targetHints":{"allow":["GET"]}}],"collection":[{"href":"https:\/\/awo-fulda.de\/tr\/wp-json\/wp\/v2\/pages"}],"about":[{"href":"https:\/\/awo-fulda.de\/tr\/wp-json\/wp\/v2\/types\/page"}],"author":[{"embeddable":true,"href":"https:\/\/awo-fulda.de\/tr\/wp-json\/wp\/v2\/users\/6"}],"replies":[{"embeddable":true,"href":"https:\/\/awo-fulda.de\/tr\/wp-json\/wp\/v2\/comments?post=16553"}],"version-history":[{"count":33,"href":"https:\/\/awo-fulda.de\/tr\/wp-json\/wp\/v2\/pages\/16553\/revisions"}],"predecessor-version":[{"id":146463,"href":"https:\/\/awo-fulda.de\/tr\/wp-json\/wp\/v2\/pages\/16553\/revisions\/146463"}],"wp:attachment":[{"href":"https:\/\/awo-fulda.de\/tr\/wp-json\/wp\/v2\/media?parent=16553"}],"curies":[{"name":"wp","href":"https:\/\/api.w.org\/{rel}","templated":true}]}}